{"id":282,"date":"2017-08-13T08:33:37","date_gmt":"2017-08-13T06:33:37","guid":{"rendered":"https:\/\/www.duits.de\/vaklokaal\/?page_id=282"},"modified":"2017-08-13T12:54:58","modified_gmt":"2017-08-13T10:54:58","slug":"duitse-tv","status":"publish","type":"page","link":"https:\/\/www.duits.de\/vaklokaal\/landeskunde\/duitse-tv\/","title":{"rendered":"Duitse TV en YouTubers"},"content":{"rendered":"<p><img data-attachment-id=\"287\" data-permalink=\"https:\/\/www.duits.de\/vaklokaal\/landeskunde\/duitse-tv\/duitse-zenders\/\" data-orig-file=\"https:\/\/i0.wp.com\/www.duits.de\/vaklokaal\/wp-content\/uploads\/2017\/08\/duitse-zenders.jpg?fit=468%2C168&amp;ssl=1\" data-orig-size=\"468,168\" data-comments-opened=\"1\" data-image-meta=\"{&quot;aperture&quot;:&quot;0&quot;,&quot;credit&quot;:&quot;&quot;,&quot;camera&quot;:&quot;&quot;,&quot;caption&quot;:&quot;&quot;,&quot;created_timestamp&quot;:&quot;0&quot;,&quot;copyright&quot;:&quot;&quot;,&quot;focal_length&quot;:&quot;0&quot;,&quot;iso&quot;:&quot;0&quot;,&quot;shutter_speed&quot;:&quot;0&quot;,&quot;title&quot;:&quot;&quot;,&quot;orientation&quot;:&quot;0&quot;}\" data-image-title=\"duitse-zenders\" data-image-description=\"\" data-image-caption=\"\" data-medium-file=\"https:\/\/i0.wp.com\/www.duits.de\/vaklokaal\/wp-content\/uploads\/2017\/08\/duitse-zenders.jpg?fit=300%2C108&amp;ssl=1\" data-large-file=\"https:\/\/i0.wp.com\/www.duits.de\/vaklokaal\/wp-content\/uploads\/2017\/08\/duitse-zenders.jpg?fit=468%2C168&amp;ssl=1\" loading=\"lazy\" class=\"size-full wp-image-287 alignnone\" src=\"https:\/\/i0.wp.com\/www.duits.de\/vaklokaal\/wp-content\/uploads\/2017\/08\/duitse-zenders.jpg?resize=468%2C168&#038;ssl=1\" alt=\"\" width=\"468\" height=\"168\" srcset=\"https:\/\/i0.wp.com\/www.duits.de\/vaklokaal\/wp-content\/uploads\/2017\/08\/duitse-zenders.jpg?w=468&amp;ssl=1 468w, https:\/\/i0.wp.com\/www.duits.de\/vaklokaal\/wp-content\/uploads\/2017\/08\/duitse-zenders.jpg?resize=300%2C108&amp;ssl=1 300w\" sizes=\"(max-width: 468px) 100vw, 468px\" data-recalc-dims=\"1\" \/><\/p>\n<h4>Duitse TV<\/h4>\n<p>De Duitse TV lijkt behoorlijk op de Nederlandse. Toch zijn er wel een paar verschillen. Zo zijn de Duitsers nog meer dan wij gek op krimi&#8217;s, documentaires en op romantische televisiefilms. Ook is het verschil tussen de publieke omroep (bij ons de NPO zenders) en de commerci\u00eble zenders groter. De commerci\u00eble zenders hebben daar veel &#8220;plat vermaak&#8221; en de publieke zenders ARD en ZDF komen vaak wat formeler over dan bij ons de NPO zenders. Wat ECHT anders is, is de traditie om buitenlandse films en programma&#8217;s <strong>niet te ondertitelen, maar na te<\/strong> <strong>synchroniseren<\/strong>. Je hoort dus Engelstalige acteurs Duits spreken. Wij als Nederlanders zijn dat niet gewend (behalve bij kinderfilms) en vinden dat vaak ronduit stom! Bovendien pik je minder snel de uitspraak op van die vreemde taal die je niet hoort. Toch heeft het ook voordelen: Je ziet geen ondertitels door het beeld heen en vaak kan de volledige tekst gesproken worden (ondertiteling moet soms stukjes weglaten als het te snel gaat). Leuk om te weten: In bijna alle landen wordt nagesynchroniseerd. Nederland hoort bij de uitzonderingen.<\/p>\n<p><strong>Om je een beetje wegwijs te maken in de Duitse TV-wereld hier een aantal bekende zenders en programma&#8217;s.<\/strong><\/p>\n<p>De bekendste Duitse TV-zenders zijn:<\/p>\n<ul>\n<li><a href=\"http:\/\/daserste.de\" target=\"_blank\" rel=\"noopener\"><strong>ARD<\/strong><\/a> = Duitsland 1, ook wel \u201cdas Erste\u201d genoemd . Het ARD is bekend voor het Duitse TV journaal <em>Tagesschau<\/em> en later op de avond <em>Tagesthemen<\/em>. Ook zendt de ARD de bekendste Duitse krimi-serie uit, <strong>Tatort<\/strong>. Deze serie bestaat al tientallen jaren en speelt zich af op allerlei locaties\u00a0in heel Duitsland en wordt door allerlei omroepen gemaakt. Tatort is vooral beroemd geworden met inspecteur <em>Schimanski<\/em>, die zich niet precies aan de regeltjes hield. Ook komen in Tatort actuele onderwerpen langs, van drugscriminaliteit tot vluchtelingensmokkelaars.<\/li>\n<li><a href=\"http:\/\/zdf.de\" target=\"_blank\" rel=\"noopener\"><strong>ZDF<\/strong><\/a> = Duitsland 2, ook wel \u201cdas Zweite\u201d genoemd. De nieuwsuitzending <em>Heute<\/em> van het ZDF heeft een wat lossere sfeer dan die van de ARD. Het ZDF is vooral ook bekend van kitschige romantische series, die veel door oudere mensen bekeken worden. Ook hebben ze krimi&#8217;s van de reeks SOKO (Sonder Kommisson, speciale eenheid), die zich &#8211; net als Tatort &#8211; op verschillende plaatsen afspelen. Zo heb je SOKO Leipzig en SOKO Wien.<\/li>\n<li>Daarnaast zijn er veel <strong>regionale omroepen<\/strong>, die worden de \u201cdritte Programme\u201d genoemd. Bijna elk Bundesland heeft wel een eigen omroep. Een van de grootste is de <a href=\"http:\/\/wdr.de\" target=\"_blank\" rel=\"noopener\"><strong>WDR<\/strong><\/a>, de West-Deutscher Rundfunk, die o.a. vanuit Keulen uitzendt.<\/li>\n<li>Ook is er de <a href=\"http:\/\/www.dw.com\/de\" target=\"_blank\" rel=\"noopener\"><strong>Deutsche Welle<\/strong><\/a>, de Duitse Wereldomroep.<\/li>\n<\/ul>\n<p>Duitsland kent tientallen <strong>commerci\u00eble zenders<\/strong>. Ze worden ook wel de <em>Privaten<\/em> genoemd. De bekendste en grootste is <a href=\"http:\/\/www.rtl.de\" target=\"_blank\" rel=\"noopener\"><strong>RTL<\/strong><\/a>, op de voet gevolgd door concurrenten als <a href=\"http:\/\/www.sat1.de\" target=\"_blank\" rel=\"noopener\">SAT1<\/a>, en <a href=\"http:\/\/www.prosieben.de\" target=\"_blank\" rel=\"noopener\">PRO7<\/a>. Deze zenders lijken op onze RTL en SBS. Dus veel reality-programma&#8217;s, castingshows, boulevardnieuws en Amerikaanse films en heel veel reclame.<\/p>\n<p><strong>Uitzending gemist<\/strong><br \/>\nOok veel Duitse zenders hebben een soort \u201cUitzending gemist\u201d. Kijk daarvoor op hun websites naar <em>Sendung verpasst<\/em> of \u00a0<em>Mediathek<\/em><\/p>\n<p><strong>Kinderen en jongeren<\/strong><\/p>\n<table style=\"border-color: #ffffff; background-color: #ffffff;\" border=\"0\" cellpadding=\"10\">\n<tbody>\n<tr>\n<td style=\"background-color: #bed6ed; vertical-align: top;\"><img data-attachment-id=\"303\" data-permalink=\"https:\/\/www.duits.de\/vaklokaal\/landeskunde\/duitse-tv\/kika\/\" data-orig-file=\"https:\/\/i0.wp.com\/www.duits.de\/vaklokaal\/wp-content\/uploads\/2017\/08\/kika.jpg?fit=200%2C99&amp;ssl=1\" data-orig-size=\"200,99\" data-comments-opened=\"1\" data-image-meta=\"{&quot;aperture&quot;:&quot;0&quot;,&quot;credit&quot;:&quot;&quot;,&quot;camera&quot;:&quot;&quot;,&quot;caption&quot;:&quot;&quot;,&quot;created_timestamp&quot;:&quot;0&quot;,&quot;copyright&quot;:&quot;&quot;,&quot;focal_length&quot;:&quot;0&quot;,&quot;iso&quot;:&quot;0&quot;,&quot;shutter_speed&quot;:&quot;0&quot;,&quot;title&quot;:&quot;&quot;,&quot;orientation&quot;:&quot;0&quot;}\" data-image-title=\"kika\" data-image-description=\"\" data-image-caption=\"\" data-medium-file=\"https:\/\/i0.wp.com\/www.duits.de\/vaklokaal\/wp-content\/uploads\/2017\/08\/kika.jpg?fit=200%2C99&amp;ssl=1\" data-large-file=\"https:\/\/i0.wp.com\/www.duits.de\/vaklokaal\/wp-content\/uploads\/2017\/08\/kika.jpg?fit=200%2C99&amp;ssl=1\" loading=\"lazy\" class=\"alignnone size-full wp-image-303\" src=\"https:\/\/i0.wp.com\/www.duits.de\/vaklokaal\/wp-content\/uploads\/2017\/08\/kika.jpg?resize=200%2C99&#038;ssl=1\" alt=\"\" width=\"200\" height=\"99\" data-recalc-dims=\"1\" \/><b><\/b><\/p>\n<p><b><a href=\"http:\/\/www.kika.de\/sendungen\/sendungenabisz100.html\" target=\"_blank\" rel=\"noopener\">KIKA<\/a> = Kinderkanal,\u00a0<\/b>programma&#8217;s voor kinderen van ARD en ZDF samen op \u00e9\u00e9n site.<b><\/b><\/td>\n<td style=\"vertical-align: top;\"><img data-attachment-id=\"304\" data-permalink=\"https:\/\/www.duits.de\/vaklokaal\/landeskunde\/duitse-tv\/neuneinhalb\/\" data-orig-file=\"https:\/\/i0.wp.com\/www.duits.de\/vaklokaal\/wp-content\/uploads\/2017\/08\/neuneinhalb.jpg?fit=176%2C99&amp;ssl=1\" data-orig-size=\"176,99\" data-comments-opened=\"1\" data-image-meta=\"{&quot;aperture&quot;:&quot;0&quot;,&quot;credit&quot;:&quot;&quot;,&quot;camera&quot;:&quot;&quot;,&quot;caption&quot;:&quot;&quot;,&quot;created_timestamp&quot;:&quot;0&quot;,&quot;copyright&quot;:&quot;&quot;,&quot;focal_length&quot;:&quot;0&quot;,&quot;iso&quot;:&quot;0&quot;,&quot;shutter_speed&quot;:&quot;0&quot;,&quot;title&quot;:&quot;&quot;,&quot;orientation&quot;:&quot;0&quot;}\" data-image-title=\"neuneinhalb\" data-image-description=\"\" data-image-caption=\"\" data-medium-file=\"https:\/\/i0.wp.com\/www.duits.de\/vaklokaal\/wp-content\/uploads\/2017\/08\/neuneinhalb.jpg?fit=176%2C99&amp;ssl=1\" data-large-file=\"https:\/\/i0.wp.com\/www.duits.de\/vaklokaal\/wp-content\/uploads\/2017\/08\/neuneinhalb.jpg?fit=176%2C99&amp;ssl=1\" loading=\"lazy\" class=\"alignnone size-full wp-image-304\" src=\"https:\/\/i0.wp.com\/www.duits.de\/vaklokaal\/wp-content\/uploads\/2017\/08\/neuneinhalb.jpg?resize=176%2C99&#038;ssl=1\" alt=\"\" width=\"176\" height=\"99\" data-recalc-dims=\"1\" \/><\/p>\n<p><a href=\"http:\/\/www1.wdr.de\/kinder\/tv\/neuneinhalb\/index.html\" target=\"_blank\" rel=\"noopener\"><strong>Neuneinhalb<\/strong> <\/a>&#8211; nieuwsprogramma<br \/>\n<strong>TIP:<\/strong> <strong>Ook met Duitse ondertitels te bekijken!<\/strong><\/td>\n<td style=\"background-color: #bed6ed; vertical-align: top;\"><img data-attachment-id=\"305\" data-permalink=\"https:\/\/www.duits.de\/vaklokaal\/landeskunde\/duitse-tv\/wissenmachtah\/\" data-orig-file=\"https:\/\/i0.wp.com\/www.duits.de\/vaklokaal\/wp-content\/uploads\/2017\/08\/wissenmachtah.jpg?fit=248%2C99&amp;ssl=1\" data-orig-size=\"248,99\" data-comments-opened=\"1\" data-image-meta=\"{&quot;aperture&quot;:&quot;0&quot;,&quot;credit&quot;:&quot;&quot;,&quot;camera&quot;:&quot;&quot;,&quot;caption&quot;:&quot;&quot;,&quot;created_timestamp&quot;:&quot;0&quot;,&quot;copyright&quot;:&quot;&quot;,&quot;focal_length&quot;:&quot;0&quot;,&quot;iso&quot;:&quot;0&quot;,&quot;shutter_speed&quot;:&quot;0&quot;,&quot;title&quot;:&quot;&quot;,&quot;orientation&quot;:&quot;0&quot;}\" data-image-title=\"wissenmachtah\" data-image-description=\"\" data-image-caption=\"\" data-medium-file=\"https:\/\/i0.wp.com\/www.duits.de\/vaklokaal\/wp-content\/uploads\/2017\/08\/wissenmachtah.jpg?fit=248%2C99&amp;ssl=1\" data-large-file=\"https:\/\/i0.wp.com\/www.duits.de\/vaklokaal\/wp-content\/uploads\/2017\/08\/wissenmachtah.jpg?fit=248%2C99&amp;ssl=1\" loading=\"lazy\" class=\"alignnone size-full wp-image-305\" src=\"https:\/\/i0.wp.com\/www.duits.de\/vaklokaal\/wp-content\/uploads\/2017\/08\/wissenmachtah.jpg?resize=248%2C99&#038;ssl=1\" alt=\"\" width=\"248\" height=\"99\" data-recalc-dims=\"1\" \/><\/p>\n<p><a href=\"http:\/\/www1.wdr.de\/kinder\/tv\/wissen-macht-ah\/index.html\" target=\"_blank\" rel=\"noopener\"><strong>Wissen macht Ah!<\/strong><\/a> &#8211; populair wetenschappelijke experimenten<\/td>\n<\/tr>\n<tr>\n<td><img data-attachment-id=\"306\" data-permalink=\"https:\/\/www.duits.de\/vaklokaal\/landeskunde\/duitse-tv\/tivi-media\/\" data-orig-file=\"https:\/\/i0.wp.com\/www.duits.de\/vaklokaal\/wp-content\/uploads\/2017\/08\/tivi-media.jpg?fit=132%2C99&amp;ssl=1\" data-orig-size=\"132,99\" data-comments-opened=\"1\" data-image-meta=\"{&quot;aperture&quot;:&quot;0&quot;,&quot;credit&quot;:&quot;&quot;,&quot;camera&quot;:&quot;&quot;,&quot;caption&quot;:&quot;&quot;,&quot;created_timestamp&quot;:&quot;0&quot;,&quot;copyright&quot;:&quot;&quot;,&quot;focal_length&quot;:&quot;0&quot;,&quot;iso&quot;:&quot;0&quot;,&quot;shutter_speed&quot;:&quot;0&quot;,&quot;title&quot;:&quot;&quot;,&quot;orientation&quot;:&quot;0&quot;}\" data-image-title=\"tivi-media\" data-image-description=\"\" data-image-caption=\"\" data-medium-file=\"https:\/\/i0.wp.com\/www.duits.de\/vaklokaal\/wp-content\/uploads\/2017\/08\/tivi-media.jpg?fit=132%2C99&amp;ssl=1\" data-large-file=\"https:\/\/i0.wp.com\/www.duits.de\/vaklokaal\/wp-content\/uploads\/2017\/08\/tivi-media.jpg?fit=132%2C99&amp;ssl=1\" loading=\"lazy\" class=\"alignnone size-full wp-image-306\" src=\"https:\/\/i0.wp.com\/www.duits.de\/vaklokaal\/wp-content\/uploads\/2017\/08\/tivi-media.jpg?resize=132%2C99&#038;ssl=1\" alt=\"\" width=\"132\" height=\"99\" data-recalc-dims=\"1\" \/><\/p>\n<p><a href=\"http:\/\/www.tivi.de\/mediathek\/\" target=\"_blank\" rel=\"noopener\"><strong>TIVI Mediathek<\/strong><\/a> &#8211; filmpjes terugkijken van kinderprogramma&#8217;s<\/td>\n<td style=\"background-color: #bed6ed;\"><img data-attachment-id=\"307\" data-permalink=\"https:\/\/www.duits.de\/vaklokaal\/landeskunde\/duitse-tv\/logo-logo\/\" data-orig-file=\"https:\/\/i0.wp.com\/www.duits.de\/vaklokaal\/wp-content\/uploads\/2017\/08\/logo-logo.jpg?fit=112%2C99&amp;ssl=1\" data-orig-size=\"112,99\" data-comments-opened=\"1\" data-image-meta=\"{&quot;aperture&quot;:&quot;0&quot;,&quot;credit&quot;:&quot;&quot;,&quot;camera&quot;:&quot;&quot;,&quot;caption&quot;:&quot;&quot;,&quot;created_timestamp&quot;:&quot;0&quot;,&quot;copyright&quot;:&quot;&quot;,&quot;focal_length&quot;:&quot;0&quot;,&quot;iso&quot;:&quot;0&quot;,&quot;shutter_speed&quot;:&quot;0&quot;,&quot;title&quot;:&quot;&quot;,&quot;orientation&quot;:&quot;0&quot;}\" data-image-title=\"logo-logo\" data-image-description=\"\" data-image-caption=\"\" data-medium-file=\"https:\/\/i0.wp.com\/www.duits.de\/vaklokaal\/wp-content\/uploads\/2017\/08\/logo-logo.jpg?fit=112%2C99&amp;ssl=1\" data-large-file=\"https:\/\/i0.wp.com\/www.duits.de\/vaklokaal\/wp-content\/uploads\/2017\/08\/logo-logo.jpg?fit=112%2C99&amp;ssl=1\" loading=\"lazy\" class=\"alignnone size-full wp-image-307\" src=\"https:\/\/i0.wp.com\/www.duits.de\/vaklokaal\/wp-content\/uploads\/2017\/08\/logo-logo.jpg?resize=112%2C99&#038;ssl=1\" alt=\"\" width=\"112\" height=\"99\" data-recalc-dims=\"1\" \/><\/p>\n<p><a href=\"http:\/\/www.tivi.de\/mediathek\/logo-886354\/\" target=\"_blank\" rel=\"noopener\"><strong>LOGO<\/strong><\/a> &#8211; het Duitse jeugdjournaal<br \/>\n<strong>TIP:<\/strong> <strong>Ook met Duitse ondertitels te bekijken!<\/strong><\/td>\n<td><img data-attachment-id=\"308\" data-permalink=\"https:\/\/www.duits.de\/vaklokaal\/landeskunde\/duitse-tv\/die-checker\/\" data-orig-file=\"https:\/\/i0.wp.com\/www.duits.de\/vaklokaal\/wp-content\/uploads\/2017\/08\/die-checker.jpg?fit=189%2C99&amp;ssl=1\" data-orig-size=\"189,99\" data-comments-opened=\"1\" data-image-meta=\"{&quot;aperture&quot;:&quot;0&quot;,&quot;credit&quot;:&quot;&quot;,&quot;camera&quot;:&quot;&quot;,&quot;caption&quot;:&quot;&quot;,&quot;created_timestamp&quot;:&quot;0&quot;,&quot;copyright&quot;:&quot;&quot;,&quot;focal_length&quot;:&quot;0&quot;,&quot;iso&quot;:&quot;0&quot;,&quot;shutter_speed&quot;:&quot;0&quot;,&quot;title&quot;:&quot;&quot;,&quot;orientation&quot;:&quot;0&quot;}\" data-image-title=\"die-checker\" data-image-description=\"\" data-image-caption=\"\" data-medium-file=\"https:\/\/i0.wp.com\/www.duits.de\/vaklokaal\/wp-content\/uploads\/2017\/08\/die-checker.jpg?fit=189%2C99&amp;ssl=1\" data-large-file=\"https:\/\/i0.wp.com\/www.duits.de\/vaklokaal\/wp-content\/uploads\/2017\/08\/die-checker.jpg?fit=189%2C99&amp;ssl=1\" loading=\"lazy\" class=\"alignnone size-full wp-image-308\" src=\"https:\/\/i0.wp.com\/www.duits.de\/vaklokaal\/wp-content\/uploads\/2017\/08\/die-checker.jpg?resize=189%2C99&#038;ssl=1\" alt=\"\" width=\"189\" height=\"99\" data-recalc-dims=\"1\" \/><\/p>\n<p><a href=\"http:\/\/www.kika.de\/checker-tobi\/sendereihe1842.html\" target=\"_blank\" rel=\"noopener\"><strong>Checker Can en Checker Tobi<\/strong><\/a> &#8211;<br \/>\nZij onderzoeken hoe het zet en gaan een experimentje niet uit de weg!<\/td>\n<\/tr>\n<tr>\n<td style=\"background-color: #bed6ed;\"><img data-attachment-id=\"309\" data-permalink=\"https:\/\/www.duits.de\/vaklokaal\/landeskunde\/duitse-tv\/bandcamppl-mini\/\" data-orig-file=\"https:\/\/i0.wp.com\/www.duits.de\/vaklokaal\/wp-content\/uploads\/2017\/08\/bandcamppl-mini.jpg?fit=99%2C99&amp;ssl=1\" data-orig-size=\"99,99\" data-comments-opened=\"1\" data-image-meta=\"{&quot;aperture&quot;:&quot;0&quot;,&quot;credit&quot;:&quot;&quot;,&quot;camera&quot;:&quot;&quot;,&quot;caption&quot;:&quot;&quot;,&quot;created_timestamp&quot;:&quot;0&quot;,&quot;copyright&quot;:&quot;&quot;,&quot;focal_length&quot;:&quot;0&quot;,&quot;iso&quot;:&quot;0&quot;,&quot;shutter_speed&quot;:&quot;0&quot;,&quot;title&quot;:&quot;&quot;,&quot;orientation&quot;:&quot;0&quot;}\" data-image-title=\"bandcamppl-mini\" data-image-description=\"\" data-image-caption=\"\" data-medium-file=\"https:\/\/i0.wp.com\/www.duits.de\/vaklokaal\/wp-content\/uploads\/2017\/08\/bandcamppl-mini.jpg?fit=99%2C99&amp;ssl=1\" data-large-file=\"https:\/\/i0.wp.com\/www.duits.de\/vaklokaal\/wp-content\/uploads\/2017\/08\/bandcamppl-mini.jpg?fit=99%2C99&amp;ssl=1\" loading=\"lazy\" class=\"alignnone size-full wp-image-309\" src=\"https:\/\/i0.wp.com\/www.duits.de\/vaklokaal\/wp-content\/uploads\/2017\/08\/bandcamppl-mini.jpg?resize=99%2C99&#038;ssl=1\" alt=\"\" width=\"99\" height=\"99\" data-recalc-dims=\"1\" \/><\/p>\n<p><a href=\"http:\/\/www.kika.de\/band-camp-berlin\/index.html\" target=\"_blank\" rel=\"noopener\"><strong>Band Camp Berlin<\/strong><\/a> &#8211; TV serie over 5 jongeren uit Berlijn die samen een band gaan vormen en naar hun optreden in Shanghai toe werken.<\/td>\n<td><img data-attachment-id=\"320\" data-permalink=\"https:\/\/www.duits.de\/vaklokaal\/landeskunde\/duitse-tv\/letstalk\/\" data-orig-file=\"https:\/\/i0.wp.com\/www.duits.de\/vaklokaal\/wp-content\/uploads\/2017\/08\/letstalk.jpg?fit=175%2C99&amp;ssl=1\" data-orig-size=\"175,99\" data-comments-opened=\"1\" data-image-meta=\"{&quot;aperture&quot;:&quot;0&quot;,&quot;credit&quot;:&quot;&quot;,&quot;camera&quot;:&quot;&quot;,&quot;caption&quot;:&quot;&quot;,&quot;created_timestamp&quot;:&quot;0&quot;,&quot;copyright&quot;:&quot;&quot;,&quot;focal_length&quot;:&quot;0&quot;,&quot;iso&quot;:&quot;0&quot;,&quot;shutter_speed&quot;:&quot;0&quot;,&quot;title&quot;:&quot;&quot;,&quot;orientation&quot;:&quot;0&quot;}\" data-image-title=\"letstalk\" data-image-description=\"\" data-image-caption=\"\" data-medium-file=\"https:\/\/i0.wp.com\/www.duits.de\/vaklokaal\/wp-content\/uploads\/2017\/08\/letstalk.jpg?fit=175%2C99&amp;ssl=1\" data-large-file=\"https:\/\/i0.wp.com\/www.duits.de\/vaklokaal\/wp-content\/uploads\/2017\/08\/letstalk.jpg?fit=175%2C99&amp;ssl=1\" loading=\"lazy\" class=\"alignnone size-full wp-image-320\" src=\"https:\/\/i0.wp.com\/www.duits.de\/vaklokaal\/wp-content\/uploads\/2017\/08\/letstalk.jpg?resize=175%2C99&#038;ssl=1\" alt=\"\" width=\"175\" height=\"99\" data-recalc-dims=\"1\" \/><\/p>\n<p><a href=\"http:\/\/www.tivi.de\/mediathek\/lets-talk-2325436\/\" target=\"_blank\" rel=\"noopener\"><strong>Lets talk<\/strong><\/a><br \/>\nJongeren in de studio praten over alles wat ze bezighoudt. Van shoppen tot liefde.<\/td>\n<td style=\"background-color: #bed6ed;\"><img data-attachment-id=\"321\" data-permalink=\"https:\/\/www.duits.de\/vaklokaal\/landeskunde\/duitse-tv\/stark\/\" data-orig-file=\"https:\/\/i0.wp.com\/www.duits.de\/vaklokaal\/wp-content\/uploads\/2017\/08\/stark.jpg?fit=219%2C99&amp;ssl=1\" data-orig-size=\"219,99\" data-comments-opened=\"1\" data-image-meta=\"{&quot;aperture&quot;:&quot;0&quot;,&quot;credit&quot;:&quot;P.H. Goosssen&quot;,&quot;camera&quot;:&quot;&quot;,&quot;caption&quot;:&quot;&quot;,&quot;created_timestamp&quot;:&quot;1502622772&quot;,&quot;copyright&quot;:&quot;&quot;,&quot;focal_length&quot;:&quot;0&quot;,&quot;iso&quot;:&quot;0&quot;,&quot;shutter_speed&quot;:&quot;0&quot;,&quot;title&quot;:&quot;&quot;,&quot;orientation&quot;:&quot;0&quot;}\" data-image-title=\"stark\" data-image-description=\"\" data-image-caption=\"\" data-medium-file=\"https:\/\/i0.wp.com\/www.duits.de\/vaklokaal\/wp-content\/uploads\/2017\/08\/stark.jpg?fit=219%2C99&amp;ssl=1\" data-large-file=\"https:\/\/i0.wp.com\/www.duits.de\/vaklokaal\/wp-content\/uploads\/2017\/08\/stark.jpg?fit=219%2C99&amp;ssl=1\" loading=\"lazy\" class=\"alignnone size-full wp-image-321\" src=\"https:\/\/i0.wp.com\/www.duits.de\/vaklokaal\/wp-content\/uploads\/2017\/08\/stark.jpg?resize=219%2C99&#038;ssl=1\" alt=\"\" width=\"219\" height=\"99\" data-recalc-dims=\"1\" \/><\/p>\n<p><a href=\"http:\/\/www.tivi.de\/mediathek\/stark-906578\/\" target=\"_blank\" rel=\"noopener\"><strong>STARK!<\/strong><\/a><br \/>\nKinderen vertellen over dingen die ze meemaken.<\/td>\n<\/tr>\n<\/tbody>\n<\/table>\n<p>&nbsp;<\/p>\n<p><strong>Nieuws \/ Sport \/ Boulevardnieuws<\/strong><\/p>\n<table style=\"border-color: #ffffff; background-color: #ffffff;\" border=\"0\" cellpadding=\"10\">\n<tbody>\n<tr>\n<td style=\"background-color: #bed6ed; vertical-align: top;\"><img data-attachment-id=\"325\" data-permalink=\"https:\/\/www.duits.de\/vaklokaal\/landeskunde\/duitse-tv\/tagesschau\/\" data-orig-file=\"https:\/\/i0.wp.com\/www.duits.de\/vaklokaal\/wp-content\/uploads\/2017\/08\/tagesschau.jpg?fit=440%2C99&amp;ssl=1\" data-orig-size=\"440,99\" data-comments-opened=\"1\" data-image-meta=\"{&quot;aperture&quot;:&quot;0&quot;,&quot;credit&quot;:&quot;&quot;,&quot;camera&quot;:&quot;&quot;,&quot;caption&quot;:&quot;&quot;,&quot;created_timestamp&quot;:&quot;0&quot;,&quot;copyright&quot;:&quot;&quot;,&quot;focal_length&quot;:&quot;0&quot;,&quot;iso&quot;:&quot;0&quot;,&quot;shutter_speed&quot;:&quot;0&quot;,&quot;title&quot;:&quot;&quot;,&quot;orientation&quot;:&quot;0&quot;}\" data-image-title=\"tagesschau\" data-image-description=\"\" data-image-caption=\"\" data-medium-file=\"https:\/\/i0.wp.com\/www.duits.de\/vaklokaal\/wp-content\/uploads\/2017\/08\/tagesschau.jpg?fit=300%2C68&amp;ssl=1\" data-large-file=\"https:\/\/i0.wp.com\/www.duits.de\/vaklokaal\/wp-content\/uploads\/2017\/08\/tagesschau.jpg?fit=440%2C99&amp;ssl=1\" loading=\"lazy\" class=\"alignnone size-medium wp-image-325\" src=\"https:\/\/i0.wp.com\/www.duits.de\/vaklokaal\/wp-content\/uploads\/2017\/08\/tagesschau.jpg?resize=300%2C68&#038;ssl=1\" alt=\"\" width=\"300\" height=\"68\" srcset=\"https:\/\/i0.wp.com\/www.duits.de\/vaklokaal\/wp-content\/uploads\/2017\/08\/tagesschau.jpg?resize=300%2C68&amp;ssl=1 300w, https:\/\/i0.wp.com\/www.duits.de\/vaklokaal\/wp-content\/uploads\/2017\/08\/tagesschau.jpg?w=440&amp;ssl=1 440w\" sizes=\"(max-width: 300px) 100vw, 300px\" data-recalc-dims=\"1\" \/><\/p>\n<p><a href=\"http:\/\/www.tagesschau.de\/100sekunden\/index.html\" target=\"_blank\" rel=\"noopener\"><strong>Tagesschau in 100 Sekunden<\/strong><\/a><\/p>\n<p><a href=\"http:\/\/www.tagesschau.de\/sendung\/tagesschau\/index.html\" target=\"_blank\" rel=\"noopener\"><strong>Tagesschau 15 minuten<\/strong><\/a><\/p>\n<p><a href=\"http:\/\/www.tagesschau.de\/sendung\/tagesthemen\/index.html\" target=\"_blank\" rel=\"noopener\"><strong>Tagesthemen 30 minuten<\/strong><\/a><\/td>\n<td style=\"vertical-align: top;\"><img data-attachment-id=\"324\" data-permalink=\"https:\/\/www.duits.de\/vaklokaal\/landeskunde\/duitse-tv\/zdf-heute\/\" data-orig-file=\"https:\/\/i0.wp.com\/www.duits.de\/vaklokaal\/wp-content\/uploads\/2017\/08\/zdf-heute.jpg?fit=355%2C99&amp;ssl=1\" data-orig-size=\"355,99\" data-comments-opened=\"1\" data-image-meta=\"{&quot;aperture&quot;:&quot;0&quot;,&quot;credit&quot;:&quot;&quot;,&quot;camera&quot;:&quot;&quot;,&quot;caption&quot;:&quot;&quot;,&quot;created_timestamp&quot;:&quot;0&quot;,&quot;copyright&quot;:&quot;&quot;,&quot;focal_length&quot;:&quot;0&quot;,&quot;iso&quot;:&quot;0&quot;,&quot;shutter_speed&quot;:&quot;0&quot;,&quot;title&quot;:&quot;&quot;,&quot;orientation&quot;:&quot;0&quot;}\" data-image-title=\"zdf-heute\" data-image-description=\"\" data-image-caption=\"\" data-medium-file=\"https:\/\/i0.wp.com\/www.duits.de\/vaklokaal\/wp-content\/uploads\/2017\/08\/zdf-heute.jpg?fit=300%2C84&amp;ssl=1\" data-large-file=\"https:\/\/i0.wp.com\/www.duits.de\/vaklokaal\/wp-content\/uploads\/2017\/08\/zdf-heute.jpg?fit=355%2C99&amp;ssl=1\" loading=\"lazy\" class=\"alignnone size-medium wp-image-324\" src=\"https:\/\/i0.wp.com\/www.duits.de\/vaklokaal\/wp-content\/uploads\/2017\/08\/zdf-heute.jpg?resize=300%2C84&#038;ssl=1\" alt=\"\" width=\"300\" height=\"84\" srcset=\"https:\/\/i0.wp.com\/www.duits.de\/vaklokaal\/wp-content\/uploads\/2017\/08\/zdf-heute.jpg?resize=300%2C84&amp;ssl=1 300w, https:\/\/i0.wp.com\/www.duits.de\/vaklokaal\/wp-content\/uploads\/2017\/08\/zdf-heute.jpg?w=355&amp;ssl=1 355w\" sizes=\"(max-width: 300px) 100vw, 300px\" data-recalc-dims=\"1\" \/><\/p>\n<p><a href=\"http:\/\/www.heute.de\/#overlay-videoleiste\" target=\"_blank\" rel=\"noopener\"><strong>Heute Express<\/strong><\/a>\u00a0(nieuws in 100 seconden)<\/p>\n<p><a href=\"http:\/\/www.heute.de\/#overlay-videoleiste\" target=\"_blank\" rel=\"noopener\"><strong>Heute<\/strong> (15 minuten)<\/a><\/p>\n<p><a href=\"http:\/\/www.heute.de\/#overlay-videoleiste\" target=\"_blank\" rel=\"noopener\">Heute Journal (30 minuten)<\/a><\/td>\n<td style=\"background-color: #bed6ed; vertical-align: top;\"><img data-attachment-id=\"326\" data-permalink=\"https:\/\/www.duits.de\/vaklokaal\/landeskunde\/duitse-tv\/sportstudio\/\" data-orig-file=\"https:\/\/i0.wp.com\/www.duits.de\/vaklokaal\/wp-content\/uploads\/2017\/08\/sportstudio.jpg?fit=176%2C99&amp;ssl=1\" data-orig-size=\"176,99\" data-comments-opened=\"1\" data-image-meta=\"{&quot;aperture&quot;:&quot;0&quot;,&quot;credit&quot;:&quot;&quot;,&quot;camera&quot;:&quot;&quot;,&quot;caption&quot;:&quot;&quot;,&quot;created_timestamp&quot;:&quot;0&quot;,&quot;copyright&quot;:&quot;&quot;,&quot;focal_length&quot;:&quot;0&quot;,&quot;iso&quot;:&quot;0&quot;,&quot;shutter_speed&quot;:&quot;0&quot;,&quot;title&quot;:&quot;&quot;,&quot;orientation&quot;:&quot;0&quot;}\" data-image-title=\"sportstudio\" data-image-description=\"\" data-image-caption=\"\" data-medium-file=\"https:\/\/i0.wp.com\/www.duits.de\/vaklokaal\/wp-content\/uploads\/2017\/08\/sportstudio.jpg?fit=176%2C99&amp;ssl=1\" data-large-file=\"https:\/\/i0.wp.com\/www.duits.de\/vaklokaal\/wp-content\/uploads\/2017\/08\/sportstudio.jpg?fit=176%2C99&amp;ssl=1\" loading=\"lazy\" class=\"alignnone size-full wp-image-326\" src=\"https:\/\/i0.wp.com\/www.duits.de\/vaklokaal\/wp-content\/uploads\/2017\/08\/sportstudio.jpg?resize=176%2C99&#038;ssl=1\" alt=\"\" width=\"176\" height=\"99\" data-recalc-dims=\"1\" \/><\/p>\n<p><a href=\"https:\/\/www.zdf.de\/sport\/das-aktuelle-sportstudio\" target=\"_blank\" rel=\"noopener\"><strong>Aktuelle Sportstudio<\/strong><\/a><\/td>\n<\/tr>\n<tr>\n<td><img data-attachment-id=\"327\" data-permalink=\"https:\/\/www.duits.de\/vaklokaal\/landeskunde\/duitse-tv\/sterntv\/\" data-orig-file=\"https:\/\/i0.wp.com\/www.duits.de\/vaklokaal\/wp-content\/uploads\/2017\/08\/sterntv.jpg?fit=109%2C99&amp;ssl=1\" data-orig-size=\"109,99\" data-comments-opened=\"1\" data-image-meta=\"{&quot;aperture&quot;:&quot;0&quot;,&quot;credit&quot;:&quot;&quot;,&quot;camera&quot;:&quot;&quot;,&quot;caption&quot;:&quot;&quot;,&quot;created_timestamp&quot;:&quot;0&quot;,&quot;copyright&quot;:&quot;&quot;,&quot;focal_length&quot;:&quot;0&quot;,&quot;iso&quot;:&quot;0&quot;,&quot;shutter_speed&quot;:&quot;0&quot;,&quot;title&quot;:&quot;&quot;,&quot;orientation&quot;:&quot;0&quot;}\" data-image-title=\"sterntv\" data-image-description=\"\" data-image-caption=\"\" data-medium-file=\"https:\/\/i0.wp.com\/www.duits.de\/vaklokaal\/wp-content\/uploads\/2017\/08\/sterntv.jpg?fit=109%2C99&amp;ssl=1\" data-large-file=\"https:\/\/i0.wp.com\/www.duits.de\/vaklokaal\/wp-content\/uploads\/2017\/08\/sterntv.jpg?fit=109%2C99&amp;ssl=1\" loading=\"lazy\" class=\"alignnone size-full wp-image-327\" src=\"https:\/\/i0.wp.com\/www.duits.de\/vaklokaal\/wp-content\/uploads\/2017\/08\/sterntv.jpg?resize=109%2C99&#038;ssl=1\" alt=\"\" width=\"109\" height=\"99\" data-recalc-dims=\"1\" \/><\/p>\n<p><a href=\"http:\/\/www.stern.de\/tv\/\" target=\"_blank\" rel=\"noopener\"><strong>Stern TV<\/strong><\/a> &#8211; nieuwsmagazine<\/td>\n<td style=\"background-color: #bed6ed;\"><img data-attachment-id=\"329\" data-permalink=\"https:\/\/www.duits.de\/vaklokaal\/landeskunde\/duitse-tv\/spiegeltv2\/\" data-orig-file=\"https:\/\/i0.wp.com\/www.duits.de\/vaklokaal\/wp-content\/uploads\/2017\/08\/spiegeltv2.jpg?fit=292%2C99&amp;ssl=1\" data-orig-size=\"292,99\" data-comments-opened=\"1\" data-image-meta=\"{&quot;aperture&quot;:&quot;0&quot;,&quot;credit&quot;:&quot;P.H. Goosssen&quot;,&quot;camera&quot;:&quot;&quot;,&quot;caption&quot;:&quot;&quot;,&quot;created_timestamp&quot;:&quot;1502624350&quot;,&quot;copyright&quot;:&quot;&quot;,&quot;focal_length&quot;:&quot;0&quot;,&quot;iso&quot;:&quot;0&quot;,&quot;shutter_speed&quot;:&quot;0&quot;,&quot;title&quot;:&quot;&quot;,&quot;orientation&quot;:&quot;0&quot;}\" data-image-title=\"spiegeltv2\" data-image-description=\"\" data-image-caption=\"\" data-medium-file=\"https:\/\/i0.wp.com\/www.duits.de\/vaklokaal\/wp-content\/uploads\/2017\/08\/spiegeltv2.jpg?fit=292%2C99&amp;ssl=1\" data-large-file=\"https:\/\/i0.wp.com\/www.duits.de\/vaklokaal\/wp-content\/uploads\/2017\/08\/spiegeltv2.jpg?fit=292%2C99&amp;ssl=1\" loading=\"lazy\" class=\"alignnone size-full wp-image-329\" src=\"https:\/\/i0.wp.com\/www.duits.de\/vaklokaal\/wp-content\/uploads\/2017\/08\/spiegeltv2.jpg?resize=292%2C99&#038;ssl=1\" alt=\"\" width=\"292\" height=\"99\" data-recalc-dims=\"1\" \/><\/p>\n<p><a href=\"http:\/\/www.spiegel.de\/sptv\/\" target=\"_blank\" rel=\"noopener\"><strong>Spiegel TV <\/strong><\/a>&#8211; nieuwsmagazine<\/td>\n<td><img data-attachment-id=\"331\" data-permalink=\"https:\/\/www.duits.de\/vaklokaal\/landeskunde\/duitse-tv\/leuteheute\/\" data-orig-file=\"https:\/\/i0.wp.com\/www.duits.de\/vaklokaal\/wp-content\/uploads\/2017\/08\/leuteheute.jpg?fit=176%2C99&amp;ssl=1\" data-orig-size=\"176,99\" data-comments-opened=\"1\" data-image-meta=\"{&quot;aperture&quot;:&quot;0&quot;,&quot;credit&quot;:&quot;&quot;,&quot;camera&quot;:&quot;&quot;,&quot;caption&quot;:&quot;&quot;,&quot;created_timestamp&quot;:&quot;0&quot;,&quot;copyright&quot;:&quot;&quot;,&quot;focal_length&quot;:&quot;0&quot;,&quot;iso&quot;:&quot;0&quot;,&quot;shutter_speed&quot;:&quot;0&quot;,&quot;title&quot;:&quot;&quot;,&quot;orientation&quot;:&quot;0&quot;}\" data-image-title=\"leuteheute\" data-image-description=\"\" data-image-caption=\"\" data-medium-file=\"https:\/\/i0.wp.com\/www.duits.de\/vaklokaal\/wp-content\/uploads\/2017\/08\/leuteheute.jpg?fit=176%2C99&amp;ssl=1\" data-large-file=\"https:\/\/i0.wp.com\/www.duits.de\/vaklokaal\/wp-content\/uploads\/2017\/08\/leuteheute.jpg?fit=176%2C99&amp;ssl=1\" loading=\"lazy\" class=\"alignnone size-full wp-image-331\" src=\"https:\/\/i0.wp.com\/www.duits.de\/vaklokaal\/wp-content\/uploads\/2017\/08\/leuteheute.jpg?resize=176%2C99&#038;ssl=1\" alt=\"\" width=\"176\" height=\"99\" data-recalc-dims=\"1\" \/><\/p>\n<p><a href=\"https:\/\/www.zdf.de\/nachrichten\/leute-heute\" target=\"_blank\" rel=\"noopener\"><strong>Leute Heute<\/strong><\/a> &#8211; boulevard magazine<\/td>\n<\/tr>\n<tr>\n<td style=\"background-color: #bed6ed;\"><\/td>\n<td><\/td>\n<td style=\"background-color: #bed6ed;\"><\/td>\n<\/tr>\n<\/tbody>\n<\/table>\n<p>&nbsp;<\/p>\n<h4>Youtubers<\/h4>\n<table style=\"width: 924px;\">\n<tbody>\n<tr>\n<td style=\"width: 584px;\"><img data-attachment-id=\"347\" data-permalink=\"https:\/\/www.duits.de\/vaklokaal\/landeskunde\/duitse-tv\/lochis\/\" data-orig-file=\"https:\/\/i0.wp.com\/www.duits.de\/vaklokaal\/wp-content\/uploads\/2017\/08\/lochis.jpg?fit=230%2C99&amp;ssl=1\" data-orig-size=\"230,99\" data-comments-opened=\"1\" data-image-meta=\"{&quot;aperture&quot;:&quot;0&quot;,&quot;credit&quot;:&quot;&quot;,&quot;camera&quot;:&quot;&quot;,&quot;caption&quot;:&quot;&quot;,&quot;created_timestamp&quot;:&quot;0&quot;,&quot;copyright&quot;:&quot;&quot;,&quot;focal_length&quot;:&quot;0&quot;,&quot;iso&quot;:&quot;0&quot;,&quot;shutter_speed&quot;:&quot;0&quot;,&quot;title&quot;:&quot;&quot;,&quot;orientation&quot;:&quot;1&quot;}\" data-image-title=\"lochis\" data-image-description=\"\" data-image-caption=\"\" data-medium-file=\"https:\/\/i0.wp.com\/www.duits.de\/vaklokaal\/wp-content\/uploads\/2017\/08\/lochis.jpg?fit=230%2C99&amp;ssl=1\" data-large-file=\"https:\/\/i0.wp.com\/www.duits.de\/vaklokaal\/wp-content\/uploads\/2017\/08\/lochis.jpg?fit=230%2C99&amp;ssl=1\" loading=\"lazy\" class=\"alignnone size-full wp-image-347\" src=\"https:\/\/i0.wp.com\/www.duits.de\/vaklokaal\/wp-content\/uploads\/2017\/08\/lochis.jpg?resize=230%2C99&#038;ssl=1\" alt=\"\" width=\"230\" height=\"99\" data-recalc-dims=\"1\" \/><\/td>\n<td style=\"width: 332px;\"><strong><a href=\"https:\/\/www.youtube.com\/user\/DieLochis\" target=\"_blank\" rel=\"noopener\">Die Lochis<\/a><br \/>\n<\/strong>Wir sind Die Lochis, Heiko &amp; Roman Lochmann, \u00a0Zwillinge, Musiker, Schauspieler, Entertainer, YouTuber und vieles mehr.<strong><br \/>\n<\/strong><\/td>\n<\/tr>\n<tr>\n<td style=\"width: 584px;\"><img data-attachment-id=\"349\" data-permalink=\"https:\/\/www.duits.de\/vaklokaal\/landeskunde\/duitse-tv\/bibis\/\" data-orig-file=\"https:\/\/i0.wp.com\/www.duits.de\/vaklokaal\/wp-content\/uploads\/2017\/08\/bibis.jpg?fit=525%2C99&amp;ssl=1\" data-orig-size=\"525,99\" data-comments-opened=\"1\" data-image-meta=\"{&quot;aperture&quot;:&quot;0&quot;,&quot;credit&quot;:&quot;&quot;,&quot;camera&quot;:&quot;&quot;,&quot;caption&quot;:&quot;&quot;,&quot;created_timestamp&quot;:&quot;0&quot;,&quot;copyright&quot;:&quot;&quot;,&quot;focal_length&quot;:&quot;0&quot;,&quot;iso&quot;:&quot;0&quot;,&quot;shutter_speed&quot;:&quot;0&quot;,&quot;title&quot;:&quot;&quot;,&quot;orientation&quot;:&quot;0&quot;}\" data-image-title=\"bibis\" data-image-description=\"\" data-image-caption=\"\" data-medium-file=\"https:\/\/i0.wp.com\/www.duits.de\/vaklokaal\/wp-content\/uploads\/2017\/08\/bibis.jpg?fit=300%2C57&amp;ssl=1\" data-large-file=\"https:\/\/i0.wp.com\/www.duits.de\/vaklokaal\/wp-content\/uploads\/2017\/08\/bibis.jpg?fit=525%2C99&amp;ssl=1\" loading=\"lazy\" class=\"alignnone size-full wp-image-349\" src=\"https:\/\/i0.wp.com\/www.duits.de\/vaklokaal\/wp-content\/uploads\/2017\/08\/bibis.jpg?resize=525%2C99&#038;ssl=1\" alt=\"\" width=\"525\" height=\"99\" srcset=\"https:\/\/i0.wp.com\/www.duits.de\/vaklokaal\/wp-content\/uploads\/2017\/08\/bibis.jpg?w=525&amp;ssl=1 525w, https:\/\/i0.wp.com\/www.duits.de\/vaklokaal\/wp-content\/uploads\/2017\/08\/bibis.jpg?resize=300%2C57&amp;ssl=1 300w\" sizes=\"(max-width: 525px) 100vw, 525px\" data-recalc-dims=\"1\" \/><\/td>\n<td style=\"width: 332px;\"><strong><a href=\"https:\/\/www.youtube.com\/user\/BibisBeautyPalace\" target=\"_blank\" rel=\"noopener\">Bibi&#8217;s Beauty Palace<\/a><br \/>\n<\/strong>&#8211; maar doet ook graag gek!<\/td>\n<\/tr>\n<tr>\n<td style=\"width: 584px;\"><img data-attachment-id=\"340\" data-permalink=\"https:\/\/www.duits.de\/vaklokaal\/landeskunde\/duitse-tv\/freekickerz\/\" data-orig-file=\"https:\/\/i0.wp.com\/www.duits.de\/vaklokaal\/wp-content\/uploads\/2017\/08\/freekickerz.jpg?fit=264%2C99&amp;ssl=1\" data-orig-size=\"264,99\" data-comments-opened=\"1\" data-image-meta=\"{&quot;aperture&quot;:&quot;0&quot;,&quot;credit&quot;:&quot;&quot;,&quot;camera&quot;:&quot;&quot;,&quot;caption&quot;:&quot;&quot;,&quot;created_timestamp&quot;:&quot;0&quot;,&quot;copyright&quot;:&quot;&quot;,&quot;focal_length&quot;:&quot;0&quot;,&quot;iso&quot;:&quot;0&quot;,&quot;shutter_speed&quot;:&quot;0&quot;,&quot;title&quot;:&quot;&quot;,&quot;orientation&quot;:&quot;0&quot;}\" data-image-title=\"freekickerz\" data-image-description=\"\" data-image-caption=\"\" data-medium-file=\"https:\/\/i0.wp.com\/www.duits.de\/vaklokaal\/wp-content\/uploads\/2017\/08\/freekickerz.jpg?fit=264%2C99&amp;ssl=1\" data-large-file=\"https:\/\/i0.wp.com\/www.duits.de\/vaklokaal\/wp-content\/uploads\/2017\/08\/freekickerz.jpg?fit=264%2C99&amp;ssl=1\" loading=\"lazy\" class=\"alignnone size-full wp-image-340\" src=\"https:\/\/i0.wp.com\/www.duits.de\/vaklokaal\/wp-content\/uploads\/2017\/08\/freekickerz.jpg?resize=264%2C99&#038;ssl=1\" alt=\"\" width=\"264\" height=\"99\" data-recalc-dims=\"1\" \/><\/td>\n<td style=\"width: 332px;\"><a href=\"https:\/\/www.youtube.com\/user\/freekickerz\" target=\"_blank\" rel=\"noopener\"><strong>Freekickerz<\/strong> <\/a><br \/>\n&#8211;\u00a0Der gr\u00f6\u00dfte YouTube-Fu\u00dfball-Kanal mit Tutorials, Freist\u00f6\u00dfen, Challenges, Fu\u00dfballschuh-Tests, Amateur-Toren &amp; Fu\u00dfballtricks.<\/td>\n<\/tr>\n<tr>\n<td style=\"width: 584px;\"><img data-attachment-id=\"341\" data-permalink=\"https:\/\/www.duits.de\/vaklokaal\/landeskunde\/duitse-tv\/dagi-bee\/\" data-orig-file=\"https:\/\/i0.wp.com\/www.duits.de\/vaklokaal\/wp-content\/uploads\/2017\/08\/dagi-bee.jpg?fit=417%2C99&amp;ssl=1\" data-orig-size=\"417,99\" data-comments-opened=\"1\" data-image-meta=\"{&quot;aperture&quot;:&quot;0&quot;,&quot;credit&quot;:&quot;&quot;,&quot;camera&quot;:&quot;&quot;,&quot;caption&quot;:&quot;&quot;,&quot;created_timestamp&quot;:&quot;0&quot;,&quot;copyright&quot;:&quot;&quot;,&quot;focal_length&quot;:&quot;0&quot;,&quot;iso&quot;:&quot;0&quot;,&quot;shutter_speed&quot;:&quot;0&quot;,&quot;title&quot;:&quot;&quot;,&quot;orientation&quot;:&quot;0&quot;}\" data-image-title=\"dagi-bee\" data-image-description=\"\" data-image-caption=\"\" data-medium-file=\"https:\/\/i0.wp.com\/www.duits.de\/vaklokaal\/wp-content\/uploads\/2017\/08\/dagi-bee.jpg?fit=300%2C71&amp;ssl=1\" data-large-file=\"https:\/\/i0.wp.com\/www.duits.de\/vaklokaal\/wp-content\/uploads\/2017\/08\/dagi-bee.jpg?fit=417%2C99&amp;ssl=1\" loading=\"lazy\" class=\"alignnone size-full wp-image-341\" src=\"https:\/\/i0.wp.com\/www.duits.de\/vaklokaal\/wp-content\/uploads\/2017\/08\/dagi-bee.jpg?resize=417%2C99&#038;ssl=1\" alt=\"\" width=\"417\" height=\"99\" srcset=\"https:\/\/i0.wp.com\/www.duits.de\/vaklokaal\/wp-content\/uploads\/2017\/08\/dagi-bee.jpg?w=417&amp;ssl=1 417w, https:\/\/i0.wp.com\/www.duits.de\/vaklokaal\/wp-content\/uploads\/2017\/08\/dagi-bee.jpg?resize=300%2C71&amp;ssl=1 300w\" sizes=\"(max-width: 417px) 100vw, 417px\" data-recalc-dims=\"1\" \/><\/td>\n<td style=\"width: 332px;\"><a href=\"https:\/\/www.youtube.com\/user\/Dagibeee\" target=\"_blank\" rel=\"noopener\"><strong>Dagi Bee<\/strong><\/a><br \/>\n&#8211; blog van en voor de meiden<\/td>\n<\/tr>\n<tr>\n<td style=\"width: 584px;\"><img data-attachment-id=\"348\" data-permalink=\"https:\/\/www.duits.de\/vaklokaal\/landeskunde\/duitse-tv\/freshtorge\/\" data-orig-file=\"https:\/\/i0.wp.com\/www.duits.de\/vaklokaal\/wp-content\/uploads\/2017\/08\/freshtorge.jpg?fit=554%2C99&amp;ssl=1\" data-orig-size=\"554,99\" data-comments-opened=\"1\" data-image-meta=\"{&quot;aperture&quot;:&quot;0&quot;,&quot;credit&quot;:&quot;&quot;,&quot;camera&quot;:&quot;&quot;,&quot;caption&quot;:&quot;&quot;,&quot;created_timestamp&quot;:&quot;0&quot;,&quot;copyright&quot;:&quot;&quot;,&quot;focal_length&quot;:&quot;0&quot;,&quot;iso&quot;:&quot;0&quot;,&quot;shutter_speed&quot;:&quot;0&quot;,&quot;title&quot;:&quot;&quot;,&quot;orientation&quot;:&quot;0&quot;}\" data-image-title=\"freshtorge\" data-image-description=\"\" data-image-caption=\"\" data-medium-file=\"https:\/\/i0.wp.com\/www.duits.de\/vaklokaal\/wp-content\/uploads\/2017\/08\/freshtorge.jpg?fit=300%2C54&amp;ssl=1\" data-large-file=\"https:\/\/i0.wp.com\/www.duits.de\/vaklokaal\/wp-content\/uploads\/2017\/08\/freshtorge.jpg?fit=554%2C99&amp;ssl=1\" loading=\"lazy\" class=\"alignnone size-full wp-image-348\" src=\"https:\/\/i0.wp.com\/www.duits.de\/vaklokaal\/wp-content\/uploads\/2017\/08\/freshtorge.jpg?resize=554%2C99&#038;ssl=1\" alt=\"\" width=\"554\" height=\"99\" srcset=\"https:\/\/i0.wp.com\/www.duits.de\/vaklokaal\/wp-content\/uploads\/2017\/08\/freshtorge.jpg?w=554&amp;ssl=1 554w, https:\/\/i0.wp.com\/www.duits.de\/vaklokaal\/wp-content\/uploads\/2017\/08\/freshtorge.jpg?resize=300%2C54&amp;ssl=1 300w\" sizes=\"(max-width: 554px) 100vw, 554px\" data-recalc-dims=\"1\" \/><\/td>\n<td style=\"width: 332px;\"><strong><a href=\"https:\/\/www.youtube.com\/user\/freshaltefolie\" target=\"_blank\" rel=\"noopener\">Freshtorge<\/a><br \/>\n<\/strong>comedy<\/td>\n<\/tr>\n<tr>\n<td style=\"width: 584px;\"><img data-attachment-id=\"342\" data-permalink=\"https:\/\/www.duits.de\/vaklokaal\/landeskunde\/duitse-tv\/lefloid\/\" data-orig-file=\"https:\/\/i0.wp.com\/www.duits.de\/vaklokaal\/wp-content\/uploads\/2017\/08\/lefloid.jpg?fit=555%2C99&amp;ssl=1\" data-orig-size=\"555,99\" data-comments-opened=\"1\" data-image-meta=\"{&quot;aperture&quot;:&quot;0&quot;,&quot;credit&quot;:&quot;&quot;,&quot;camera&quot;:&quot;&quot;,&quot;caption&quot;:&quot;&quot;,&quot;created_timestamp&quot;:&quot;0&quot;,&quot;copyright&quot;:&quot;&quot;,&quot;focal_length&quot;:&quot;0&quot;,&quot;iso&quot;:&quot;0&quot;,&quot;shutter_speed&quot;:&quot;0&quot;,&quot;title&quot;:&quot;&quot;,&quot;orientation&quot;:&quot;0&quot;}\" data-image-title=\"lefloid\" data-image-description=\"\" data-image-caption=\"\" data-medium-file=\"https:\/\/i0.wp.com\/www.duits.de\/vaklokaal\/wp-content\/uploads\/2017\/08\/lefloid.jpg?fit=300%2C54&amp;ssl=1\" data-large-file=\"https:\/\/i0.wp.com\/www.duits.de\/vaklokaal\/wp-content\/uploads\/2017\/08\/lefloid.jpg?fit=555%2C99&amp;ssl=1\" loading=\"lazy\" class=\"alignnone size-full wp-image-342\" src=\"https:\/\/i0.wp.com\/www.duits.de\/vaklokaal\/wp-content\/uploads\/2017\/08\/lefloid.jpg?resize=555%2C99&#038;ssl=1\" alt=\"\" width=\"555\" height=\"99\" srcset=\"https:\/\/i0.wp.com\/www.duits.de\/vaklokaal\/wp-content\/uploads\/2017\/08\/lefloid.jpg?w=555&amp;ssl=1 555w, https:\/\/i0.wp.com\/www.duits.de\/vaklokaal\/wp-content\/uploads\/2017\/08\/lefloid.jpg?resize=300%2C54&amp;ssl=1 300w\" sizes=\"(max-width: 555px) 100vw, 555px\" data-recalc-dims=\"1\" \/><\/td>\n<td style=\"width: 332px;\"><a href=\"https:\/\/www.youtube.com\/user\/LeFloid\" target=\"_blank\" rel=\"noopener\"><strong>LeFloid<\/strong><\/a><br \/>\n&#8211; reageert op alles wat er in de wereld gebeurt. &#8220;<span style=\"font-family: inherit; font-size: inherit;\">Es passiert viel in der Welt! Egal ob lustig, furchtbar, zum Schreien, oder einfach Unfassbares.. Lasst uns dr\u00fcber sprechen! \ud83d\ude09<\/span>&#8220;<\/td>\n<\/tr>\n<tr>\n<td style=\"width: 584px;\"><img data-attachment-id=\"343\" data-permalink=\"https:\/\/www.duits.de\/vaklokaal\/landeskunde\/duitse-tv\/felixvonderladen\/\" data-orig-file=\"https:\/\/i0.wp.com\/www.duits.de\/vaklokaal\/wp-content\/uploads\/2017\/08\/felixvonderladen.jpg?fit=482%2C99&amp;ssl=1\" data-orig-size=\"482,99\" data-comments-opened=\"1\" data-image-meta=\"{&quot;aperture&quot;:&quot;0&quot;,&quot;credit&quot;:&quot;&quot;,&quot;camera&quot;:&quot;&quot;,&quot;caption&quot;:&quot;&quot;,&quot;created_timestamp&quot;:&quot;0&quot;,&quot;copyright&quot;:&quot;&quot;,&quot;focal_length&quot;:&quot;0&quot;,&quot;iso&quot;:&quot;0&quot;,&quot;shutter_speed&quot;:&quot;0&quot;,&quot;title&quot;:&quot;&quot;,&quot;orientation&quot;:&quot;0&quot;}\" data-image-title=\"felixvonderladen\" data-image-description=\"\" data-image-caption=\"\" data-medium-file=\"https:\/\/i0.wp.com\/www.duits.de\/vaklokaal\/wp-content\/uploads\/2017\/08\/felixvonderladen.jpg?fit=300%2C62&amp;ssl=1\" data-large-file=\"https:\/\/i0.wp.com\/www.duits.de\/vaklokaal\/wp-content\/uploads\/2017\/08\/felixvonderladen.jpg?fit=482%2C99&amp;ssl=1\" loading=\"lazy\" class=\"alignnone size-full wp-image-343\" src=\"https:\/\/i0.wp.com\/www.duits.de\/vaklokaal\/wp-content\/uploads\/2017\/08\/felixvonderladen.jpg?resize=482%2C99&#038;ssl=1\" alt=\"\" width=\"482\" height=\"99\" srcset=\"https:\/\/i0.wp.com\/www.duits.de\/vaklokaal\/wp-content\/uploads\/2017\/08\/felixvonderladen.jpg?w=482&amp;ssl=1 482w, https:\/\/i0.wp.com\/www.duits.de\/vaklokaal\/wp-content\/uploads\/2017\/08\/felixvonderladen.jpg?resize=300%2C62&amp;ssl=1 300w\" sizes=\"(max-width: 482px) 100vw, 482px\" data-recalc-dims=\"1\" \/><\/td>\n<td style=\"width: 332px;\"><a href=\"https:\/\/www.youtube.com\/user\/DnerMC\" target=\"_blank\" rel=\"noopener\"><strong>Felix von der Laden<\/strong><\/a><br \/>\n&#8211; YouTuber uit Keulen, die over zichzelf, zijn vrienden, zijn reizen en nog veel meer vlogt.<\/td>\n<\/tr>\n<tr>\n<td style=\"width: 584px;\"><\/td>\n<td style=\"width: 332px;\"><\/td>\n<\/tr>\n<\/tbody>\n<\/table>\n<p>&nbsp;<\/p>\n<p>&nbsp;<\/p>\n","protected":false},"excerpt":{"rendered":"<p>Duitse TV De Duitse TV lijkt behoorlijk op de Nederlandse. Toch zijn er wel een paar verschillen. Zo zijn de Duitsers nog meer dan wij gek op krimi&#8217;s, documentaires en op romantische televisiefilms. Ook is het verschil tussen de publieke<\/p>\n","protected":false},"author":1,"featured_media":0,"parent":40,"menu_order":0,"comment_status":"closed","ping_status":"closed","template":"","meta":{"jetpack_post_was_ever_published":false},"jetpack_sharing_enabled":true,"jetpack_shortlink":"https:\/\/wp.me\/P94ePm-4y","jetpack-related-posts":[{"id":333,"url":"https:\/\/www.duits.de\/vaklokaal\/horen\/online-duitse-tv-kijken\/","url_meta":{"origin":282,"position":0},"title":"Online Duitse TV kijken","date":"13. augustus 2017","format":false,"excerpt":"Vind je Duits moeilijk om te verstaan? Of wil je gewoon extra aan je luistervaardigheid werken? Hier vind je een aantal programma's waar je mee kunt oefenen.\u00a0 Uitzending gemist Ook veel Duitse zenders hebben een soort \u201cUitzending gemist\u201d. Kijk daarvoor op hun websites naar Sendung verpasst of \u00a0Mediathek Kinderen en\u2026","rel":"","context":"Soortgelijk bericht","img":{"alt_text":"","src":"","width":0,"height":0},"classes":[]},{"id":443,"url":"https:\/\/www.duits.de\/vaklokaal\/horen\/tips-luisteren\/","url_meta":{"origin":282,"position":1},"title":"TIPS luisteren","date":"14. augustus 2017","format":false,"excerpt":"Het is normaal dat je niet altijd alles (meteen) begrijpt.\u00a0 Probeer niet 'krampachtig' \"altijd alles\" te verstaan. Dat lukt niet zomaar in een vreemde taal. Vaak gaat het er om dat je in het begin de hoofdzaken begrijpt, later komen de details wel. Kortom: laat je niet gek maken: blijf\u2026","rel":"","context":"Soortgelijk bericht","img":{"alt_text":"","src":"","width":0,"height":0},"classes":[]},{"id":147,"url":"https:\/\/www.duits.de\/vaklokaal\/film\/","url_meta":{"origin":282,"position":2},"title":"FILM","date":"12. augustus 2017","format":false,"excerpt":"Op zoek naar een Duitse film? Op veel scholen kun je Duitse films uitlenen in de mediatheek. Geen idee wat er allemaal is? Misschien vind je op deze pagina een goede film! TIP: Heb je iets met film? Bekijk hier de SPECIAL: Geschiedenis van de Duitse film \u00a0 \u00a0 Wat\u2026","rel":"","context":"Soortgelijk bericht","img":{"alt_text":"","src":"","width":0,"height":0},"classes":[]},{"id":35,"url":"https:\/\/www.duits.de\/vaklokaal\/horen\/","url_meta":{"origin":282,"position":3},"title":"H\u00d6REN","date":"12. augustus 2017","format":false,"excerpt":"Online Duitse TV kijken Langsam gesprochene Nachrichten TIPS luisteren TIPS luistertoetsen","rel":"","context":"Soortgelijk bericht","img":{"alt_text":"","src":"","width":0,"height":0},"classes":[]},{"id":426,"url":"https:\/\/www.duits.de\/vaklokaal\/lezen\/tips-leesvaardigheid\/","url_meta":{"origin":282,"position":4},"title":"Tips leesvaardigheid","date":"13. augustus 2017","format":false,"excerpt":"Oefen regelmatig. Het is heel normaal dat je niet in \u00e9\u00e9n keer alles snapt. \u00a0 Alles beetjes helpen: dus ook Duitse ondertiteling meelezen, songtexten lezen, enzovoort. \u00a0 \u201cIk had 16 fout. Nou, volgende tekst beter\u201d - Beslissend is \u2013 zoals altijd bij het leren \u2013 niet zozeer hoeveel fouten je\u2026","rel":"","context":"Soortgelijk bericht","img":{"alt_text":"","src":"","width":0,"height":0},"classes":[]},{"id":2331,"url":"https:\/\/www.duits.de\/vaklokaal\/sprechen\/plaatje-beschrijven\/","url_meta":{"origin":282,"position":5},"title":"EEN PLAATJE BESCHRIJVEN? &#8211; ZO DOE JE DAT!","date":"21. augustus 2022","format":false,"excerpt":"Een plaatje beschrijven? - Zo doe je dat!","rel":"","context":"Soortgelijk bericht","img":{"alt_text":"","src":"https:\/\/i0.wp.com\/www.duits.de\/vaklokaal\/wp-content\/uploads\/2022\/08\/bildbeschreibung.jpg?fit=710%2C534&ssl=1&resize=350%2C200","width":350,"height":200},"classes":[]}],"_links":{"self":[{"href":"https:\/\/www.duits.de\/vaklokaal\/wp-json\/wp\/v2\/pages\/282"}],"collection":[{"href":"https:\/\/www.duits.de\/vaklokaal\/wp-json\/wp\/v2\/pages"}],"about":[{"href":"https:\/\/www.duits.de\/vaklokaal\/wp-json\/wp\/v2\/types\/page"}],"author":[{"embeddable":true,"href":"https:\/\/www.duits.de\/vaklokaal\/wp-json\/wp\/v2\/users\/1"}],"replies":[{"embeddable":true,"href":"https:\/\/www.duits.de\/vaklokaal\/wp-json\/wp\/v2\/comments?post=282"}],"version-history":[{"count":36,"href":"https:\/\/www.duits.de\/vaklokaal\/wp-json\/wp\/v2\/pages\/282\/revisions"}],"predecessor-version":[{"id":352,"href":"https:\/\/www.duits.de\/vaklokaal\/wp-json\/wp\/v2\/pages\/282\/revisions\/352"}],"up":[{"embeddable":true,"href":"https:\/\/www.duits.de\/vaklokaal\/wp-json\/wp\/v2\/pages\/40"}],"wp:attachment":[{"href":"https:\/\/www.duits.de\/vaklokaal\/wp-json\/wp\/v2\/media?parent=282"}],"curies":[{"name":"wp","href":"https:\/\/api.w.org\/{rel}","templated":true}]}}